{"id":272,"date":"2020-07-13T09:51:59","date_gmt":"2020-07-13T07:51:59","guid":{"rendered":"http:\/\/observatoire-asap.org\/?page_id=272"},"modified":"2025-12-02T10:50:22","modified_gmt":"2025-12-02T09:50:22","slug":"les-auteurs","status":"publish","type":"page","link":"https:\/\/observatoire-asap.org\/index.php\/les-auteurs\/","title":{"rendered":"Les membres"},"content":{"rendered":"\n<div class=\"wp-block-columns is-layout-flex wp-container-core-columns-is-layout-9d6595d7 wp-block-columns-is-layout-flex\">\n<div class=\"wp-block-column is-layout-flow wp-block-column-is-layout-flow\">\n<figure class=\"wp-block-table\"><table><tbody><tr><td><strong>P\u00f4le Recherche<\/strong><\/td><\/tr><tr><td><a href=\"http:\/\/observatoire-asap.org\/index.php\/2022\/01\/15\/blandine-ageron\/\">Blandine Ageron<\/a><\/td><\/tr><tr><td><a href=\"http:\/\/observatoire-asap.org\/index.php\/2022\/02\/03\/therese-albertini\/\">Th\u00e9r\u00e8se Albertini<\/a><\/td><\/tr><tr><td><a href=\"http:\/\/observatoire-asap.org\/index.php\/2021\/04\/27\/nicolas-anne\/\">Nicolas Anne<\/a><\/td><\/tr><tr><td><a href=\"http:\/\/observatoire-asap.org\/index.php\/2023\/12\/01\/nabila-arfaoui\/\">Nabila Arfaoui<\/a><\/td><\/tr><tr><td><a href=\"http:\/\/observatoire-asap.org\/index.php\/2022\/07\/13\/charlene-arnaud\/\">Charl\u00e8ne Arnaud<\/a><\/td><\/tr><tr><td><a href=\"https:\/\/observatoire-asap.org\/index.php\/2024\/12\/04\/lusine-arzumanyan\/\">Lusine Arzumanyan<\/a><\/td><\/tr><tr><td><a href=\"https:\/\/observatoire-asap.org\/index.php\/2021\/03\/15\/christele-assegond\/\">Christ\u00e8le Assegond<\/a><\/td><\/tr><tr><td><a href=\"http:\/\/observatoire-asap.org\/index.php\/2022\/05\/02\/nicolas-aubert\/\">Nicolas Aubert<\/a><\/td><\/tr><tr><td><a href=\"https:\/\/observatoire-asap.org\/index.php\/2025\/12\/02\/charles-aymard\/\">Charles Aymard<\/a><\/td><\/tr><tr><td><a href=\"http:\/\/observatoire-asap.org\/index.php\/2021\/06\/24\/carla-bader\/\">Carla Bader<\/a><\/td><\/tr><tr><td><a href=\"http:\/\/observatoire-asap.org\/index.php\/2020\/11\/23\/michel-barabel\/\">Michel Barabel<\/a><\/td><\/tr><tr><td><a href=\"http:\/\/observatoire-asap.org\/index.php\/2021\/05\/10\/christel-beaucourt\/\">Christel Beaucourt<\/a><\/td><\/tr><tr><td><a href=\"http:\/\/observatoire-asap.org\/index.php\/2020\/02\/14\/mathias-bejean\/\">Mathias B\u00e9jean<\/a><\/td><\/tr><tr><td><a href=\"http:\/\/observatoire-asap.org\/index.php\/2023\/10\/25\/sami-ben-jabeur\/\">Sami Ben Jabeur<\/a><\/td><\/tr><tr><td><a href=\"http:\/\/observatoire-asap.org\/index.php\/2021\/01\/19\/omar-bentahar\/\">Omar Bentahar<\/a><\/td><\/tr><tr><td><a href=\"https:\/\/observatoire-asap.org\/index.php\/2021\/01\/19\/smail-benzidia\/\">Smail Benzidia<\/a><\/td><\/tr><tr><td><a href=\"http:\/\/observatoire-asap.org\/index.php\/2022\/02\/03\/delphine-bereni\/\">Delphine Bereni<\/a><\/td><\/tr><tr><td><a href=\"http:\/\/observatoire-asap.org\/index.php\/2021\/12\/08\/jeanne-bessouat\/\">Jeanne Bessouat<\/a><\/td><\/tr><tr><td><a href=\"http:\/\/observatoire-asap.org\/index.php\/2020\/10\/20\/fabien-blanchot\/\">Fabien Blanchot<\/a><\/td><\/tr><tr><td><a href=\"http:\/\/observatoire-asap.org\/index.php\/2022\/01\/04\/marc-bidan\/\">Marc Bidan<\/a><\/td><\/tr><tr><td><a href=\"http:\/\/observatoire-asap.org\/index.php\/2023\/04\/05\/julien-billion\/\">Julien Billion<\/a><\/td><\/tr><tr><td><a href=\"http:\/\/observatoire-asap.org\/index.php\/2022\/07\/05\/christophe-bonnet\/\">Christophe Bonnet<\/a><\/td><\/tr><tr><td><a href=\"http:\/\/observatoire-asap.org\/index.php\/2021\/01\/19\/marc-bonnet\/\">Marc Bonnet<\/a><\/td><\/tr><tr><td><a href=\"https:\/\/observatoire-asap.org\/index.php\/2023\/11\/17\/karima-bouaiss\/\">Karima Bouaiss<\/a><\/td><\/tr><tr><td><a href=\"http:\/\/observatoire-asap.org\/index.php\/2024\/02\/27\/pierre-buffaz\/\">Pierre Buffaz<\/a><\/td><\/tr><tr><td><a href=\"http:\/\/observatoire-asap.org\/index.php\/2020\/11\/13\/laurent-cappelletti\/\">Laurent Cappelletti<\/a><\/td><\/tr><tr><td><a href=\"https:\/\/observatoire-asap.org\/index.php\/2023\/09\/25\/nathalie-carminatti\/\">Nathalie Carminatti<\/a><\/td><\/tr><tr><td><a href=\"http:\/\/observatoire-asap.org\/index.php\/2020\/11\/29\/marie-christine-chalus-sauvannet\/\">Marie-Christine Chalus-Sauvannet<\/a><\/td><\/tr><tr><td><a href=\"http:\/\/observatoire-asap.org\/index.php\/2022\/07\/13\/pascale-chateau-terrisse\/\">Pascale Ch\u00e2teau-Terrisse<\/a><\/td><\/tr><tr><td><a href=\"http:\/\/observatoire-asap.org\/index.php\/2020\/10\/23\/stephanie-chatelain-ponroy\/\">St\u00e9phanie Chatelain-Ponroy<\/a><\/td><\/tr><tr><td><a href=\"https:\/\/observatoire-asap.org\/index.php\/2025\/06\/19\/claire-ciampi\/\">Claire Ciampi<\/a><\/td><\/tr><tr><td><a href=\"http:\/\/observatoire-asap.org\/index.php\/2020\/10\/26\/olivier-codou\/\">Olivier Codou<\/a><\/td><\/tr><tr><td><a href=\"http:\/\/observatoire-asap.org\/index.php\/2020\/11\/18\/francois-combes\/\">Fran\u00e7ois Combes<\/a><\/td><\/tr><tr><td><a href=\"http:\/\/observatoire-asap.org\/index.php\/2022\/07\/05\/pascal-corbel\/\">Pascal Corbel<\/a><\/td><\/tr><tr><td><a href=\"http:\/\/observatoire-asap.org\/index.php\/2020\/11\/13\/elizabeth-couzineau-zegwaard\/\">Elizabeth Couzineau-Zegwaard<\/a><\/td><\/tr><tr><td><a href=\"http:\/\/observatoire-asap.org\/index.php\/2022\/01\/21\/sophie-cros\/\">Sophie Cros<\/a><\/td><\/tr><tr><td><a href=\"http:\/\/observatoire-asap.org\/index.php\/2021\/04\/06\/claire-cuvelier\/\">Claire Cuvelier<\/a><\/td><\/tr><tr><td><a href=\"http:\/\/observatoire-asap.org\/index.php\/2020\/02\/14\/yves-de-curraize\/\">Yves De Curraize<\/a><\/td><\/tr><tr><td><a href=\"http:\/\/observatoire-asap.org\/index.php\/2020\/11\/09\/ahmed-dammak\/\">Ahmed Dammak<\/a><\/td><\/tr><tr><td><a href=\"https:\/\/observatoire-asap.org\/index.php\/2025\/06\/23\/rey-dang\/\">Rey Dang<\/a><\/td><\/tr><tr><td><a href=\"http:\/\/observatoire-asap.org\/index.php\/2022\/01\/15\/mickael-david\/\">Micka\u00ebl David<\/a><\/td><\/tr><tr><td><a href=\"http:\/\/observatoire-asap.org\/index.php\/2020\/12\/15\/frederique-dejean\/\">Fr\u00e9d\u00e9rique D\u00e9jean<\/a><\/td><\/tr><tr><td><a href=\"http:\/\/observatoire-asap.org\/index.php\/2021\/07\/05\/benjamin-denecheau\/\">Benjamin Denecheau<\/a><\/td><\/tr><tr><td><a href=\"http:\/\/observatoire-asap.org\/index.php\/2021\/07\/06\/jean-philippe-denis\/\">Jean-Philippe Denis<\/a><\/td><\/tr><tr><td><a href=\"http:\/\/observatoire-asap.org\/index.php\/2020\/10\/24\/aude-deville\/\">Aude Deville<\/a><\/td><\/tr><tr><td><a href=\"https:\/\/observatoire-asap.org\/index.php\/2025\/02\/06\/caroline-diard\/\">Caroline Diard<\/a><\/td><\/tr><tr><td><a href=\"http:\/\/observatoire-asap.org\/index.php\/2020\/11\/19\/carole-doueiry-verne\/\">Carole Douery Verne<\/a><\/td><\/tr><tr><td><a href=\"http:\/\/observatoire-asap.org\/index.php\/2023\/04\/05\/claire-doussard\/\">Claire Doussard<\/a><\/td><\/tr><tr><td><a href=\"https:\/\/observatoire-asap.org\/index.php\/2022\/08\/29\/emmanuelle-dubocage\/\">Emmanuelle Dubocage<\/a><\/td><\/tr><tr><td><a href=\"http:\/\/observatoire-asap.org\/index.php\/2020\/02\/15\/maryvonne-dussaux\/\">Maryvonne Dussaux<\/a><\/td><\/tr><tr><td><a href=\"http:\/\/observatoire-asap.org\/index.php\/2022\/01\/18\/veronique-favre-bonte\/\">V\u00e9ronique Favre-Bont\u00e9<\/a><\/td><\/tr><tr><td><a href=\"http:\/\/observatoire-asap.org\/index.php\/2022\/10\/18\/remy-fevrier\/\">R\u00e9my F\u00e9vrier<\/a><\/td><\/tr><tr><td><a href=\"https:\/\/observatoire-asap.org\/index.php\/2021\/02\/01\/marine-fouquet\/\">Marine Fouquet<\/a><\/td><\/tr><tr><td><a href=\"http:\/\/observatoire-asap.org\/index.php\/2023\/04\/24\/olivier-fournout\/\">Olivier Fournout<\/a><\/td><\/tr><tr><td><a href=\"http:\/\/observatoire-asap.org\/index.php\/2020\/02\/02\/emilie-frenkiel\/\">Emilie Frenkiel<\/a><\/td><\/tr><tr><td><a href=\"http:\/\/observatoire-asap.org\/index.php\/2020\/02\/25\/cedric-fretigne\/\">C\u00e9dric Fr\u00e9tign\u00e9<\/a><\/td><\/tr><tr><td><a href=\"https:\/\/observatoire-asap.org\/index.php\/2025\/10\/08\/philippe-froute\/\">Philippe Frout\u00e9<\/a><\/td><\/tr><tr><td><a href=\"http:\/\/observatoire-asap.org\/index.php\/2021\/03\/05\/hugo-gaillard\/\">Hugo Gaillard<\/a><\/td><\/tr><tr><td><a href=\"https:\/\/observatoire-asap.org\/index.php\/2025\/06\/23\/lucia-gao\/\">Lucia Gao<\/a><\/td><\/tr><tr><td><a href=\"http:\/\/observatoire-asap.org\/index.php\/2021\/03\/23\/irene-georgescu\/\">Ir\u00e8ne Georgescu<\/a><\/td><\/tr><tr><td><a href=\"http:\/\/observatoire-asap.org\/index.php\/2022\/02\/07\/sylvie-gerbaix\/\">Sylvie Gerbaix<\/a><\/td><\/tr><tr><td><a href=\"https:\/\/observatoire-asap.org\/index.php\/2025\/09\/19\/pauline-gibard\/\">Pauline Gibard<\/a><\/td><\/tr><tr><td><a href=\"https:\/\/observatoire-asap.org\/index.php\/2025\/04\/11\/patrick-gilormini\/\">Patrick Gilormini<\/a><\/td><\/tr><tr><td><a href=\"http:\/\/observatoire-asap.org\/index.php\/2024\/02\/27\/mathilde-gollety\/\">Mathilde Gollety<\/a><\/td><\/tr><tr><td><a href=\"http:\/\/observatoire-asap.org\/index.php\/2020\/10\/16\/patrick-gosling\/\">Patrick Gosling<\/a><\/td><\/tr><tr><td><a href=\"http:\/\/observatoire-asap.org\/index.php\/2021\/02\/05\/francoise-goter\/\">Fran\u00e7oise Goter<\/a><\/td><\/tr><tr><td><a href=\"http:\/\/observatoire-asap.org\/index.php\/2022\/05\/02\/anouk-grevin\/\">Anouk Grevin<\/a><\/td><\/tr><tr><td><a href=\"http:\/\/observatoire-asap.org\/index.php\/2020\/02\/14\/francois-grima\/\">Fran\u00e7ois Grima<\/a><\/td><\/tr><tr><td><a href=\"http:\/\/observatoire-asap.org\/index.php\/2020\/02\/14\/maite-guillemain\/\">Ma\u00eft\u00e9 Guillemain<\/a><\/td><\/tr><tr><td><a href=\"http:\/\/observatoire-asap.org\/index.php\/2023\/01\/16\/olivier-guyottot\/\">Olivier Guyottot<\/a><\/td><\/tr><tr><td><a href=\"https:\/\/observatoire-asap.org\/index.php\/2025\/04\/11\/rim-hachana\/\">Rim Hachana<\/a><\/td><\/tr><tr><td><a href=\"http:\/\/observatoire-asap.org\/index.php\/2020\/02\/27\/fabrice-hamelin\/\">Fabrice Hamelin<\/a><\/td><\/tr><tr><td><a href=\"http:\/\/observatoire-asap.org\/index.php\/2022\/02\/03\/solange-hernandez\/\">Solange Hernandez<\/a><\/td><\/tr><tr><td><a href=\"https:\/\/observatoire-asap.org\/index.php\/2025\/06\/23\/lhocine-houanti\/\">L\u2019Hocine Houanti<\/a><\/td><\/tr><tr><td><a href=\"https:\/\/observatoire-asap.org\/index.php\/2021\/01\/19\/julien-husson\/\">Julien Husson<\/a><\/td><\/tr><tr><td><a href=\"http:\/\/observatoire-asap.org\/index.php\/2020\/11\/24\/benoit-journe\/\">Beno\u00eet Journ\u00e9<\/a> <\/td><\/tr><tr><td><a href=\"http:\/\/observatoire-asap.org\/index.php\/2023\/10\/22\/pauline-keh\/\">Pauline Keh<\/a><\/td><\/tr><tr><td><a href=\"http:\/\/observatoire-asap.org\/index.php\/2024\/10\/06\/ilyas-kenadid\/\">Ilyas Kenadid<\/a><\/td><\/tr><tr><td><a href=\"http:\/\/observatoire-asap.org\/index.php\/2020\/02\/27\/jeanne-le-roy\/\">Jeanne Le Roy<\/a><\/td><\/tr><tr><td><a href=\"http:\/\/observatoire-asap.org\/index.php\/2020\/11\/25\/jean-fabrice-lebraty\/\">Jean-Fabrice Lebraty<\/a><\/td><\/tr><tr><td><a href=\"https:\/\/observatoire-asap.org\/?p=2177\">Xavier Lecocq<\/a><\/td><\/tr><tr><td><a href=\"http:\/\/observatoire-asap.org\/index.php\/2023\/06\/05\/eric-le-fur\/\">Eric Le Fur<\/a><\/td><\/tr><tr><td><a href=\"http:\/\/observatoire-asap.org\/index.php\/2022\/01\/24\/marine-le-gall-ely\/\">Marine Le Gall-Ely<\/a><\/td><\/tr><tr><td><a href=\"http:\/\/observatoire-asap.org\/index.php\/2022\/08\/22\/jean-francois-lemoine\/\">Jean-Fran\u00e7ois Lemoine<\/a><\/td><\/tr><tr><td><a href=\"http:\/\/observatoire-asap.org\/index.php\/2023\/05\/04\/nicolas-lesca\/\">Nicolas Lesca<\/a><\/td><\/tr><tr><td><a href=\"http:\/\/observatoire-asap.org\/index.php\/2021\/06\/24\/zoe-le-squeren\/\">Zo\u00e9 Le Squeren<\/a><\/td><\/tr><tr><td><a href=\"http:\/\/observatoire-asap.org\/index.php\/2024\/11\/12\/yann-levy\/\">Yann Levy<\/a><\/td><\/tr><tr><td><a href=\"http:\/\/observatoire-asap.org\/index.php\/2020\/10\/01\/gilles-lhuilier\/\">Gilles Lhuilier<\/a><\/td><\/tr><tr><td><a href=\"http:\/\/observatoire-asap.org\/index.php\/2023\/06\/26\/todd-lubart\/\">Todd Lubart<\/a><\/td><\/tr><tr><td><a href=\"http:\/\/observatoire-asap.org\/index.php\/2020\/10\/01\/kurosh-madani\/\">Kurosh Madani<\/a><\/td><\/tr><tr><td><a href=\"http:\/\/observatoire-asap.org\/index.php\/2020\/10\/19\/florent-madelaine\/\">Florent Madelaine<\/a><\/td><\/tr><tr><td><a href=\"http:\/\/observatoire-asap.org\/index.php\/2023\/10\/10\/christian-makaya\/\">Christian Makaya<\/a><\/td><\/tr><tr><td><a href=\"http:\/\/observatoire-asap.org\/index.php\/2020\/11\/21\/ulrike-mayrhofer\/\">Ulrike Mayrhofer<\/a><\/td><\/tr><tr><td><a href=\"http:\/\/observatoire-asap.org\/index.php\/2020\/02\/02\/olivier-meier\/\">Olivier Meier<\/a><\/td><\/tr><tr><td><a href=\"http:\/\/observatoire-asap.org\/index.php\/2022\/10\/14\/christopher-melin\/\">Christopher Melin<\/a><\/td><\/tr><tr><td><a href=\"http:\/\/observatoire-asap.org\/index.php\/2020\/11\/13\/pierre-xavier-meschi\/\">Pierre Xavier Meschi<\/a><\/td><\/tr><tr><td><a href=\"https:\/\/observatoire-asap.org\/index.php\/2020\/12\/06\/karim-messeghem\/\">Karim Messeghem<\/a><\/td><\/tr><tr><td><a href=\"http:\/\/observatoire-asap.org\/index.php\/2022\/02\/07\/sylvie-michel\/\">Sylvie Michel<\/a><\/td><\/tr><tr><td><a href=\"http:\/\/observatoire-asap.org\/index.php\/2022\/01\/24\/jeremy-morvan\/\">J\u00e9r\u00e9my Morvan<\/a><\/td><\/tr><tr><td><a href=\"https:\/\/observatoire-asap.org\/index.php\/2023\/10\/20\/dimitri-naczaj\/\">Dimitri Naczaj<\/a><\/td><\/tr><tr><td><a href=\"http:\/\/observatoire-asap.org\/index.php\/2024\/07\/06\/hela-nammouri\/\">Hela Nammouri<\/a><\/td><\/tr><tr><td><a href=\"http:\/\/observatoire-asap.org\/index.php\/2021\/03\/23\/gerald-naro\/\">G\u00e9rald Naro<\/a><\/td><\/tr><tr><td><a href=\"http:\/\/observatoire-asap.org\/index.php\/2022\/01\/28\/emmanuelle-negre\/\">Emmanuelle N\u00e8gre<\/a><\/td><\/tr><tr><td><a href=\"http:\/\/observatoire-asap.org\/index.php\/2020\/10\/20\/isabelle-nicolai\/\">Isabelle Nicola\u00ef<\/a><\/td><\/tr><tr><td><a href=\"http:\/\/observatoire-asap.org\/index.php\/2020\/12\/04\/florence-noguera\/\">Florence Noguera<\/a><\/td><\/tr><tr><td><a href=\"http:\/\/observatoire-asap.org\/index.php\/2022\/01\/18\/nathalie-oriol-2\/\">Nathalie Oriol<\/a><\/td><\/tr><tr><td><a href=\"http:\/\/observatoire-asap.org\/index.php\/2021\/04\/07\/gilles-pache\/\">Gilles Pach\u00e9<\/a><\/td><\/tr><tr><td><a href=\"http:\/\/observatoire-asap.org\/index.php\/2020\/02\/14\/yves-palau\/\">Yves Palau<\/a><\/td><\/tr><tr><td><a href=\"http:\/\/observatoire-asap.org\/index.php\/2020\/11\/06\/bertrand-pauget\/\">Bertrand Pauget<\/a><\/td><\/tr><tr><td><a href=\"http:\/\/observatoire-asap.org\/index.php\/2020\/10\/27\/isabelle-portelinha\/\">Isabelle Portelinha<\/a><\/td><\/tr><tr><td><a href=\"http:\/\/observatoire-asap.org\/index.php\/2020\/10\/19\/daniel-priolo\/\">Daniel Priolo<\/a><\/td><\/tr><tr><td><a href=\"https:\/\/observatoire-asap.org\/index.php\/2025\/06\/23\/honggang-hugh-qiu\/\">Honggang (Hugh) Qiu<\/a><\/td><\/tr><tr><td><a href=\"http:\/\/observatoire-asap.org\/index.php\/2020\/11\/17\/baptiste-rappin\/\">Baptiste Rappin<\/a><\/td><\/tr><tr><td><a href=\"http:\/\/observatoire-asap.org\/index.php\/2021\/03\/03\/sarah-richard\/\">Sarah Richard<\/a><\/td><\/tr><tr><td><a href=\"https:\/\/observatoire-asap.org\/?p=3349\">Madina Rival<\/a><\/td><\/tr><tr><td><a href=\"http:\/\/observatoire-asap.org\/index.php\/2023\/04\/14\/aurelien-rouquet\/\">Aur\u00e9lien Rouquet<\/a><\/td><\/tr><tr><td><a href=\"http:\/\/observatoire-asap.org\/index.php\/2020\/02\/02\/lolita-rubens\/\">Lolita Rubens<\/a><\/td><\/tr><tr><td><a href=\"http:\/\/observatoire-asap.org\/index.php\/2021\/05\/07\/salomee-ruel\/\">Salom\u00e9e Ruel<\/a><\/td><\/tr><tr><td><a href=\"http:\/\/observatoire-asap.org\/index.php\/2021\/05\/10\/jennifer-saniossian\/\">Jennifer Saniossian<\/a><\/td><\/tr><tr><td><a href=\"http:\/\/observatoire-asap.org\/index.php\/2024\/09\/22\/diana-santistevan\/\">Diana Santistevan<\/a><\/td><\/tr><tr><td><a href=\"http:\/\/observatoire-asap.org\/index.php\/2022\/01\/21\/jean-francois-sattin\/\">Jean-Fran\u00e7ois Sattin<\/a><\/td><\/tr><tr><td><a href=\"http:\/\/observatoire-asap.org\/index.php\/2022\/01\/24\/isabelle-sauviat\/\">Isabelle Sauviat<\/a><\/td><\/tr><tr><td><a href=\"http:\/\/observatoire-asap.org\/index.php\/2021\/02\/05\/henri-savall\/\">Henri Savall<\/a><\/td><\/tr><tr><td><a href=\"http:\/\/observatoire-asap.org\/index.php\/2022\/01\/24\/nathalie-schieb-bienfait\/\">Nathalie Schieb-Bienfait<\/a><\/td><\/tr><tr><td><a href=\"http:\/\/observatoire-asap.org\/index.php\/2020\/11\/26\/guillaume-schier\/\">Guillaume Schier<\/a><\/td><\/tr><tr><td><a href=\"https:\/\/observatoire-asap.org\/index.php\/2022\/08\/29\/stephanie-serve\/\">St\u00e9phanie Serve<\/a><\/td><\/tr><tr><td><a href=\"https:\/\/observatoire-asap.org\/index.php\/2021\/04\/07\/eric-severin\/\">Eric S\u00e9verin<\/a><\/td><\/tr><tr><td><a href=\"http:\/\/observatoire-asap.org\/index.php\/2023\/05\/08\/sorho-ngolo-inza\/\">N&rsquo;golo Inza Sorho<\/a><\/td><\/tr><tr><td><a href=\"http:\/\/observatoire-asap.org\/index.php\/2023\/10\/25\/nicolas-stef\/\">Nicolas Stef<\/a><\/td><\/tr><tr><td><a href=\"http:\/\/observatoire-asap.org\/index.php\/2022\/08\/18\/laurent-tarnaud\/\">Laurent Tarnaud<\/a><\/td><\/tr><tr><td><a href=\"http:\/\/observatoire-asap.org\/index.php\/2020\/11\/23\/anne-sophie-thelisson\/\">Anne-Sophie Thelisson<\/a><\/td><\/tr><tr><td><a href=\"http:\/\/observatoire-asap.org\/index.php\/2020\/02\/15\/sylvie-thoron\/\">Sylvie Thoron<\/a><\/td><\/tr><tr><td><a href=\"http:\/\/observatoire-asap.org\/index.php\/2020\/02\/28\/pierre-valarcher\/\">Pierre Valarcher<\/a><\/td><\/tr><tr><td><a href=\"https:\/\/observatoire-asap.org\/?p=3039\">Stefano Valdemarin<\/a><\/td><\/tr><tr><td><a href=\"http:\/\/observatoire-asap.org\/index.php\/2022\/03\/17\/david-veganzones\/\">David Veganzones<\/a><\/td><\/tr><tr><td><a href=\"http:\/\/observatoire-asap.org\/index.php\/2022\/08\/01\/jean-francois-verne\/\">Jean-Fran\u00e7ois Verne<\/a><\/td><\/tr><tr><td><a href=\"http:\/\/observatoire-asap.org\/index.php\/2022\/11\/25\/marion-vieu\/\">Marion Vieu<\/a><\/td><\/tr><tr><td><a href=\"http:\/\/observatoire-asap.org\/?p=981\">Ga\u00ebl Villeneuve<\/a><\/td><\/tr><tr><td><a href=\"http:\/\/observatoire-asap.org\/index.php\/2024\/09\/17\/linh-chi-vo\/\">Linh Chi Vo<\/a><\/td><\/tr><tr><td><a href=\"http:\/\/observatoire-asap.org\/index.php\/2021\/02\/05\/veronique-zardet\/\">V\u00e9ronique Zardet<\/a><\/td><\/tr><tr><td><a href=\"https:\/\/observatoire-asap.org\/index.php\/2022\/08\/31\/romain-zerbib\/\">Romain Zerbib<\/a><\/td><\/tr><\/tbody><\/table><\/figure>\n<\/div>\n\n\n\n<div class=\"wp-block-column is-layout-flow wp-block-column-is-layout-flow\">\n<figure class=\"wp-block-table\"><table><tbody><tr><td><strong>P\u00f4le Expertise<\/strong><\/td><\/tr><tr><td><a href=\"http:\/\/observatoire-asap.org\/index.php\/2021\/11\/25\/armando-de-oliveira\/\">Armando De Oliveira<\/a><\/td><\/tr><tr><td><a href=\"http:\/\/observatoire-asap.org\/index.php\/2021\/06\/07\/angelina-arma\/\">Ang\u00e9lina Armandy<\/a><\/td><\/tr><tr><td><a href=\"http:\/\/observatoire-asap.org\/index.php\/2020\/07\/17\/pascal-arnaud\/\">Pascal Arnaud<\/a><\/td><\/tr><tr><td><a href=\"https:\/\/observatoire-asap.org\/index.php\/2023\/11\/22\/5832\/\">Charles Aymard<\/a><\/td><\/tr><tr><td><a href=\"https:\/\/observatoire-asap.org\/index.php\/2024\/04\/09\/romain-barcelo\/\">Romain Barcelo<\/a><\/td><\/tr><tr><td><a href=\"http:\/\/observatoire-asap.org\/index.php\/2021\/03\/23\/marlene-barreda\/\">Marl\u00e8ne Barreda<\/a><\/td><\/tr><tr><td><a href=\"https:\/\/observatoire-asap.org\/index.php\/2025\/04\/09\/boutayna-burkel\/\">Boutayna Burkel<\/a><\/td><\/tr><tr><td><a href=\"http:\/\/observatoire-asap.org\/index.php\/2021\/04\/17\/maxime-blanc\/\">Maxime Blanc<\/a><\/td><\/tr><tr><td><a href=\"http:\/\/observatoire-asap.org\/index.php\/2020\/11\/26\/ronald-boucher\/\">Ronald Boucher<\/a><\/td><\/tr><tr><td><a href=\"http:\/\/observatoire-asap.org\/index.php\/2020\/11\/06\/mathilde-briere\/\">Mathilde Bri\u00e8re<\/a><\/td><\/tr><tr><td><a href=\"http:\/\/observatoire-asap.org\/index.php\/2023\/07\/18\/thibaud-briere\/\">Thibaud Bri\u00e8re<\/a><\/td><\/tr><tr><td><a href=\"http:\/\/observatoire-asap.org\/index.php\/2020\/07\/16\/xavier-brisbois\/\">Xavier Brisbois<\/a><\/td><\/tr><tr><td><a href=\"http:\/\/observatoire-asap.org\/index.php\/2021\/05\/25\/thierry-brugvin\/\">Thierry Brugvin<\/a><\/td><\/tr><tr><td><a href=\"http:\/\/observatoire-asap.org\/index.php\/2020\/11\/16\/thierry-carlier\/\">Thierry Carlier<\/a><\/td><\/tr><tr><td><a href=\"http:\/\/observatoire-asap.org\/index.php\/2020\/11\/25\/jeanne-cartillier\/\">Jeanne Cartillier<\/a><\/td><\/tr><tr><td><a href=\"http:\/\/observatoire-asap.org\/index.php\/2023\/10\/31\/ingrid-caveri\/\">Ingrid Caveri<\/a><\/td><\/tr><tr><td><a href=\"http:\/\/observatoire-asap.org\/index.php\/2021\/01\/04\/julie-chabaud\/\">Julie Chabaud<\/a><\/td><\/tr><tr><td><a href=\"https:\/\/observatoire-asap.org\/index.php\/2021\/03\/24\/laurent-chateau\/\">Laurent Chateau<\/a><\/td><\/tr><tr><td><a href=\"http:\/\/observatoire-asap.org\/index.php\/2022\/12\/05\/florent-cochard\/\">Florent Cochard<\/a><\/td><\/tr><tr><td><a href=\"http:\/\/observatoire-asap.org\/index.php\/2021\/09\/21\/jerome-coullare\/\">J\u00e9r\u00f4me Coullar\u00e9<\/a><\/td><\/tr><tr><td><a href=\"http:\/\/observatoire-asap.org\/index.php\/2020\/11\/24\/denis-cristol\/\">Denis Cristol<\/a><\/td><\/tr><tr><td><a href=\"http:\/\/observatoire-asap.org\/index.php\/2021\/11\/25\/armando-de-oliveira\/\">Armando De Oliveira<\/a><\/td><\/tr><tr><td><a href=\"https:\/\/observatoire-asap.org\/index.php\/2021\/04\/07\/jerome-dupuis\/\">J\u00e9r\u00f4me Dupuis<\/a><\/td><\/tr><tr><td><a href=\"http:\/\/observatoire-asap.org\/index.php\/2020\/12\/28\/manon-etienne\/\">Manon Etienne<\/a><\/td><\/tr><tr><td><a href=\"http:\/\/observatoire-asap.org\/index.php\/2022\/12\/02\/christophe-felidj\/\">Christophe Felidj<\/a><\/td><\/tr><tr><td><a href=\"http:\/\/observatoire-asap.org\/index.php\/2020\/11\/18\/julien-fernando\/\">Julien Fernando<\/a><\/td><\/tr><tr><td><a href=\"https:\/\/observatoire-asap.org\/index.php\/2024\/01\/16\/loic-fourot\/\">Lo\u00efc Fourot<\/a><\/td><\/tr><tr><td><a href=\"http:\/\/observatoire-asap.org\/index.php\/2020\/12\/01\/jerome-friteau\/\">J\u00e9r\u00f4me Friteau<\/a><\/td><\/tr><tr><td><a href=\"https:\/\/observatoire-asap.org\/index.php\/2021\/04\/02\/eric-jean-garcia\/\">Eric-Jean Garcia<\/a><\/td><\/tr><tr><td><a href=\"http:\/\/observatoire-asap.org\/index.php\/2023\/09\/05\/victor-gervasoni\/\">Victor Gervasoni<\/a><\/td><\/tr><tr><td><a href=\"http:\/\/observatoire-asap.org\/index.php\/2022\/03\/31\/francois-geuze\/\">Fran\u00e7ois Geuze<\/a><\/td><\/tr><tr><td><a href=\"https:\/\/observatoire-asap.org\/index.php\/2025\/04\/09\/laure-girardot\/\">Laure Girardot<\/a><\/td><\/tr><tr><td><a href=\"http:\/\/observatoire-asap.org\/index.php\/2021\/03\/15\/gael-giraud\/\">Ga\u00ebl Giraud<\/a><\/td><\/tr><tr><td><a href=\"https:\/\/observatoire-asap.org\/index.php\/2020\/12\/14\/melanie-gaultier\/\">M\u00e9lanie Gaultier<\/a><\/td><\/tr><tr><td><a href=\"https:\/\/observatoire-asap.org\/index.php\/2020\/12\/14\/sabrina-hedroug\/\">Sabrina Hedroug<\/a><\/td><\/tr><tr><td><a href=\"http:\/\/observatoire-asap.org\/index.php\/2020\/10\/23\/marie-helene-gostiaux\/\">Marie-H\u00e9l\u00e8ne Gostiaux<\/a><\/td><\/tr><tr><td><a href=\"http:\/\/observatoire-asap.org\/index.php\/2020\/10\/13\/olivier-hirt\/\">Olivier Hirt<\/a><\/td><\/tr><tr><td><a href=\"http:\/\/observatoire-asap.org\/index.php\/2020\/11\/29\/jean-luc-jarrin\/\">Jean-Luc Jarrin<\/a><\/td><\/tr><tr><td><a href=\"http:\/\/observatoire-asap.org\/index.php\/2021\/03\/02\/cecile-joly\/\">C\u00e9cile Joly<\/a><\/td><\/tr><tr><td><a href=\"http:\/\/observatoire-asap.org\/index.php\/2020\/11\/30\/sebastien-knockaert\/\">S\u00e9bastien Knockaert<\/a><\/td><\/tr><tr><td><a href=\"https:\/\/observatoire-asap.org\/index.php\/jerome-korenfeld\/\">J\u00e9r\u00f4me Korenfeld<\/a><\/td><\/tr><tr><td><a href=\"http:\/\/observatoire-asap.org\/index.php\/2020\/10\/16\/johanna-le-conte\/\">Johanna Le Conte<\/a><\/td><\/tr><tr><td><a href=\"http:\/\/observatoire-asap.org\/index.php\/2022\/04\/20\/loic-le-morlec\/\">Lo\u00efc Le Morlec<\/a><\/td><\/tr><tr><td><a href=\"http:\/\/observatoire-asap.org\/index.php\/2020\/11\/16\/eric-le-tallec\/\">Eric Le Tallec<\/a><\/td><\/tr><tr><td><a href=\"http:\/\/observatoire-asap.org\/index.php\/2022\/04\/06\/catherine-lafarge\/\">Catherine Lafarge<\/a><\/td><\/tr><tr><td><a href=\"http:\/\/observatoire-asap.org\/index.php\/2020\/11\/25\/marin-lagny\/\">Marin Lagny<\/a><\/td><\/tr><tr><td><a href=\"http:\/\/observatoire-asap.org\/index.php\/2023\/06\/26\/jeremy-lamri\/\">Jeremy Lamri<\/a><\/td><\/tr><tr><td><a href=\"http:\/\/observatoire-asap.org\/index.php\/2020\/07\/16\/benjamin-laubie\/\">Benjamin Laubie<\/a> <\/td><\/tr><tr><td><a href=\"http:\/\/observatoire-asap.org\/index.php\/2022\/04\/27\/corentin-mariette\/\">Corentin Mariette<\/a><\/td><\/tr><tr><td><a href=\"http:\/\/observatoire-asap.org\/index.php\/2020\/11\/18\/geoffrey-martinache\/\">Geoffrey Martinache<\/a><\/td><\/tr><tr><td><a href=\"http:\/\/observatoire-asap.org\/index.php\/2020\/11\/23\/nicolas-menguy\/\">Nicolas Menguy<\/a><\/td><\/tr><tr><td><a href=\"http:\/\/observatoire-asap.org\/index.php\/2024\/07\/24\/christine-michalet\/\">Christine Michalet<\/a><\/td><\/tr><tr><td><a href=\"http:\/\/observatoire-asap.org\/index.php\/2021\/06\/17\/nehme-naim\/\">Nehme Naim<\/a><\/td><\/tr><tr><td><a href=\"http:\/\/observatoire-asap.org\/index.php\/2021\/03\/15\/christian-nicol\/\">Christian Nicol<\/a><\/td><\/tr><tr><td><a href=\"http:\/\/observatoire-asap.org\/index.php\/2022\/07\/07\/david-piovesan\/\">David Piovesan<\/a><\/td><\/tr><tr><td><a href=\"http:\/\/observatoire-asap.org\/index.php\/2020\/12\/21\/erwan-poiraud\/\">Erwan Poiraud<\/a><\/td><\/tr><tr><td><a href=\"http:\/\/observatoire-asap.org\/index.php\/2021\/02\/28\/didier-poulhazan\/\">Didier Poulhazan<\/a><\/td><\/tr><tr><td><a href=\"https:\/\/observatoire-asap.org\/index.php\/2021\/03\/23\/alain-rocca\/\">Alain Rocca<\/a><\/td><\/tr><tr><td><a href=\"http:\/\/observatoire-asap.org\/index.php\/2021\/03\/03\/alexandre-salvatori\/\">Alexandre Salvatori<\/a><\/td><\/tr><tr><td><a href=\"https:\/\/observatoire-asap.org\/index.php\/2021\/03\/11\/raphael-salvazet\/\">Rapha\u00ebl Salvazet<\/a><\/td><\/tr><tr><td><a href=\"https:\/\/observatoire-asap.org\/index.php\/coralie-schafter\/\">Coralie Schafter<\/a><\/td><\/tr><tr><td><a href=\"http:\/\/observatoire-asap.org\/index.php\/2020\/11\/30\/stefen-simon\/\">Stefen Simon<\/a><\/td><\/tr><tr><td><a href=\"http:\/\/observatoire-asap.org\/index.php\/2020\/07\/21\/philippe-sin\/\">Philippe Sin<\/a><\/td><\/tr><tr><td><a href=\"http:\/\/observatoire-asap.org\/index.php\/2024\/02\/05\/lea-starck\/\">L\u00e9a Starck<\/a><\/td><\/tr><tr><td><a href=\"http:\/\/observatoire-asap.org\/index.php\/2023\/02\/07\/patrick-storhaye\/\">Patrick Storhaye<\/a><\/td><\/tr><tr><td><a href=\"http:\/\/observatoire-asap.org\/index.php\/2022\/06\/07\/martine-story\/\">Martine Story<\/a><\/td><\/tr><tr><td><a href=\"http:\/\/observatoire-asap.org\/index.php\/2020\/11\/23\/thierry-teboul\/\">Thierry Teboul<\/a><\/td><\/tr><tr><td><a href=\"http:\/\/observatoire-asap.org\/index.php\/2023\/10\/25\/alexandre-vivier\/\">Alexandre Vivier<\/a><\/td><\/tr><\/tbody><\/table><\/figure>\n\n\n\n<p><\/p>\n\n\n\n<p><\/p>\n<\/div>\n<\/div>\n","protected":false},"excerpt":{"rendered":"<p>P\u00f4le Recherche Blandine Ageron Th\u00e9r\u00e8se Albertini Nicolas Anne Nabila Arfaoui Charl\u00e8ne Arnaud Lusine Arzumanyan Christ\u00e8le Assegond Nicolas Aubert Charles Aymard Carla Bader Michel Barabel Christel Beaucourt Mathias B\u00e9jean Sami Ben Jabeur Omar Bentahar Smail Benzidia Delphine Bereni Jeanne Bessouat Fabien Blanchot Marc Bidan Julien Billion Christophe Bonnet Marc Bonnet Karima Bouaiss Pierre Buffaz Laurent Cappelletti &hellip; <\/p>\n","protected":false},"author":1,"featured_media":0,"parent":0,"menu_order":0,"comment_status":"closed","ping_status":"closed","template":"","meta":{"spay_email":"","footnotes":""},"class_list":["post-272","page","type-page","status-publish","hentry"],"yoast_head":"<!-- This site is optimized with the Yoast SEO plugin v24.9 - https:\/\/yoast.com\/wordpress\/plugins\/seo\/ -->\n<title>Les membres -<\/title>\n<meta name=\"robots\" content=\"index, follow, max-snippet:-1, max-image-preview:large, max-video-preview:-1\" \/>\n<link rel=\"canonical\" href=\"https:\/\/observatoire-asap.org\/index.php\/les-auteurs\/\" \/>\n<meta property=\"og:locale\" content=\"fr_FR\" \/>\n<meta property=\"og:type\" content=\"article\" \/>\n<meta property=\"og:title\" content=\"Les membres -\" \/>\n<meta property=\"og:description\" content=\"P\u00f4le Recherche Blandine Ageron Th\u00e9r\u00e8se Albertini Nicolas Anne Nabila Arfaoui Charl\u00e8ne Arnaud Lusine Arzumanyan Christ\u00e8le Assegond Nicolas Aubert Charles Aymard Carla Bader Michel Barabel Christel Beaucourt Mathias B\u00e9jean Sami Ben Jabeur Omar Bentahar Smail Benzidia Delphine Bereni Jeanne Bessouat Fabien Blanchot Marc Bidan Julien Billion Christophe Bonnet Marc Bonnet Karima Bouaiss Pierre Buffaz Laurent Cappelletti &hellip;\" \/>\n<meta property=\"og:url\" content=\"https:\/\/observatoire-asap.org\/index.php\/les-auteurs\/\" \/>\n<meta property=\"article:publisher\" content=\"https:\/\/facebook.com\/fabrice.hamelin.1\" \/>\n<meta property=\"article:modified_time\" content=\"2025-12-02T09:50:22+00:00\" \/>\n<meta name=\"twitter:card\" content=\"summary_large_image\" \/>\n<meta name=\"twitter:label1\" content=\"Dur\u00e9e de lecture estim\u00e9e\" \/>\n\t<meta name=\"twitter:data1\" content=\"3 minutes\" \/>\n<script type=\"application\/ld+json\" class=\"yoast-schema-graph\">{\"@context\":\"https:\/\/schema.org\",\"@graph\":[{\"@type\":\"WebPage\",\"@id\":\"https:\/\/observatoire-asap.org\/index.php\/les-auteurs\/\",\"url\":\"https:\/\/observatoire-asap.org\/index.php\/les-auteurs\/\",\"name\":\"Les membres -\",\"isPartOf\":{\"@id\":\"http:\/\/observatoire-asap.org\/#website\"},\"datePublished\":\"2020-07-13T07:51:59+00:00\",\"dateModified\":\"2025-12-02T09:50:22+00:00\",\"breadcrumb\":{\"@id\":\"https:\/\/observatoire-asap.org\/index.php\/les-auteurs\/#breadcrumb\"},\"inLanguage\":\"fr-FR\",\"potentialAction\":[{\"@type\":\"ReadAction\",\"target\":[\"https:\/\/observatoire-asap.org\/index.php\/les-auteurs\/\"]}]},{\"@type\":\"BreadcrumbList\",\"@id\":\"https:\/\/observatoire-asap.org\/index.php\/les-auteurs\/#breadcrumb\",\"itemListElement\":[{\"@type\":\"ListItem\",\"position\":1,\"name\":\"Accueil\",\"item\":\"http:\/\/observatoire-asap.org\/\"},{\"@type\":\"ListItem\",\"position\":2,\"name\":\"Les membres\"}]},{\"@type\":\"WebSite\",\"@id\":\"http:\/\/observatoire-asap.org\/#website\",\"url\":\"http:\/\/observatoire-asap.org\/\",\"name\":\"Action Soci\u00e9tale et Action Publique\",\"description\":\"\",\"publisher\":{\"@id\":\"http:\/\/observatoire-asap.org\/#organization\"},\"potentialAction\":[{\"@type\":\"SearchAction\",\"target\":{\"@type\":\"EntryPoint\",\"urlTemplate\":\"http:\/\/observatoire-asap.org\/?s={search_term_string}\"},\"query-input\":{\"@type\":\"PropertyValueSpecification\",\"valueRequired\":true,\"valueName\":\"search_term_string\"}}],\"inLanguage\":\"fr-FR\"},{\"@type\":\"Organization\",\"@id\":\"http:\/\/observatoire-asap.org\/#organization\",\"name\":\"Laboratoire ASAP\",\"url\":\"http:\/\/observatoire-asap.org\/\",\"logo\":{\"@type\":\"ImageObject\",\"inLanguage\":\"fr-FR\",\"@id\":\"http:\/\/observatoire-asap.org\/#\/schema\/logo\/image\/\",\"url\":\"https:\/\/observatoire-asap.org\/wp-content\/uploads\/2022\/01\/cropped-cropped-ASAP_Plan-de-travail-1.png\",\"contentUrl\":\"https:\/\/observatoire-asap.org\/wp-content\/uploads\/2022\/01\/cropped-cropped-ASAP_Plan-de-travail-1.png\",\"width\":1345,\"height\":426,\"caption\":\"Laboratoire ASAP\"},\"image\":{\"@id\":\"http:\/\/observatoire-asap.org\/#\/schema\/logo\/image\/\"},\"sameAs\":[\"https:\/\/facebook.com\/fabrice.hamelin.1\"]}]}<\/script>\n<!-- \/ Yoast SEO plugin. -->","yoast_head_json":{"title":"Les membres -","robots":{"index":"index","follow":"follow","max-snippet":"max-snippet:-1","max-image-preview":"max-image-preview:large","max-video-preview":"max-video-preview:-1"},"canonical":"https:\/\/observatoire-asap.org\/index.php\/les-auteurs\/","og_locale":"fr_FR","og_type":"article","og_title":"Les membres -","og_description":"P\u00f4le Recherche Blandine Ageron Th\u00e9r\u00e8se Albertini Nicolas Anne Nabila Arfaoui Charl\u00e8ne Arnaud Lusine Arzumanyan Christ\u00e8le Assegond Nicolas Aubert Charles Aymard Carla Bader Michel Barabel Christel Beaucourt Mathias B\u00e9jean Sami Ben Jabeur Omar Bentahar Smail Benzidia Delphine Bereni Jeanne Bessouat Fabien Blanchot Marc Bidan Julien Billion Christophe Bonnet Marc Bonnet Karima Bouaiss Pierre Buffaz Laurent Cappelletti &hellip;","og_url":"https:\/\/observatoire-asap.org\/index.php\/les-auteurs\/","article_publisher":"https:\/\/facebook.com\/fabrice.hamelin.1","article_modified_time":"2025-12-02T09:50:22+00:00","twitter_card":"summary_large_image","twitter_misc":{"Dur\u00e9e de lecture estim\u00e9e":"3 minutes"},"schema":{"@context":"https:\/\/schema.org","@graph":[{"@type":"WebPage","@id":"https:\/\/observatoire-asap.org\/index.php\/les-auteurs\/","url":"https:\/\/observatoire-asap.org\/index.php\/les-auteurs\/","name":"Les membres -","isPartOf":{"@id":"http:\/\/observatoire-asap.org\/#website"},"datePublished":"2020-07-13T07:51:59+00:00","dateModified":"2025-12-02T09:50:22+00:00","breadcrumb":{"@id":"https:\/\/observatoire-asap.org\/index.php\/les-auteurs\/#breadcrumb"},"inLanguage":"fr-FR","potentialAction":[{"@type":"ReadAction","target":["https:\/\/observatoire-asap.org\/index.php\/les-auteurs\/"]}]},{"@type":"BreadcrumbList","@id":"https:\/\/observatoire-asap.org\/index.php\/les-auteurs\/#breadcrumb","itemListElement":[{"@type":"ListItem","position":1,"name":"Accueil","item":"http:\/\/observatoire-asap.org\/"},{"@type":"ListItem","position":2,"name":"Les membres"}]},{"@type":"WebSite","@id":"http:\/\/observatoire-asap.org\/#website","url":"http:\/\/observatoire-asap.org\/","name":"Action Soci\u00e9tale et Action Publique","description":"","publisher":{"@id":"http:\/\/observatoire-asap.org\/#organization"},"potentialAction":[{"@type":"SearchAction","target":{"@type":"EntryPoint","urlTemplate":"http:\/\/observatoire-asap.org\/?s={search_term_string}"},"query-input":{"@type":"PropertyValueSpecification","valueRequired":true,"valueName":"search_term_string"}}],"inLanguage":"fr-FR"},{"@type":"Organization","@id":"http:\/\/observatoire-asap.org\/#organization","name":"Laboratoire ASAP","url":"http:\/\/observatoire-asap.org\/","logo":{"@type":"ImageObject","inLanguage":"fr-FR","@id":"http:\/\/observatoire-asap.org\/#\/schema\/logo\/image\/","url":"https:\/\/observatoire-asap.org\/wp-content\/uploads\/2022\/01\/cropped-cropped-ASAP_Plan-de-travail-1.png","contentUrl":"https:\/\/observatoire-asap.org\/wp-content\/uploads\/2022\/01\/cropped-cropped-ASAP_Plan-de-travail-1.png","width":1345,"height":426,"caption":"Laboratoire ASAP"},"image":{"@id":"http:\/\/observatoire-asap.org\/#\/schema\/logo\/image\/"},"sameAs":["https:\/\/facebook.com\/fabrice.hamelin.1"]}]}},"_links":{"self":[{"href":"https:\/\/observatoire-asap.org\/index.php\/wp-json\/wp\/v2\/pages\/272","targetHints":{"allow":["GET"]}}],"collection":[{"href":"https:\/\/observatoire-asap.org\/index.php\/wp-json\/wp\/v2\/pages"}],"about":[{"href":"https:\/\/observatoire-asap.org\/index.php\/wp-json\/wp\/v2\/types\/page"}],"author":[{"embeddable":true,"href":"https:\/\/observatoire-asap.org\/index.php\/wp-json\/wp\/v2\/users\/1"}],"replies":[{"embeddable":true,"href":"https:\/\/observatoire-asap.org\/index.php\/wp-json\/wp\/v2\/comments?post=272"}],"version-history":[{"count":222,"href":"https:\/\/observatoire-asap.org\/index.php\/wp-json\/wp\/v2\/pages\/272\/revisions"}],"predecessor-version":[{"id":6332,"href":"https:\/\/observatoire-asap.org\/index.php\/wp-json\/wp\/v2\/pages\/272\/revisions\/6332"}],"wp:attachment":[{"href":"https:\/\/observatoire-asap.org\/index.php\/wp-json\/wp\/v2\/media?parent=272"}],"curies":[{"name":"wp","href":"https:\/\/api.w.org\/{rel}","templated":true}]}}